{"id":934,"date":"2022-08-09T13:48:54","date_gmt":"2022-08-09T13:48:54","guid":{"rendered":"https:\/\/dermatogenix.wpengine.com\/a-propos-de\/reseaux\/"},"modified":"2022-12-21T17:47:52","modified_gmt":"2022-12-21T17:47:52","slug":"reseaux","status":"publish","type":"page","link":"https:\/\/www.muhccoead.com\/fr\/a-propos\/reseaux\/","title":{"rendered":"R\u00e9seaux"},"content":{"rendered":"\n\n\t\t\t<h1>R\u00e9seaux<\/h1>\n<h3>\n\t\t1. D2 Structure polyclinique multidisciplinaire du CUSM COE AD\n\t<\/h3>\n\t<ul>\n<li>Allergie et immunologie<\/li>\n<li>Dermatologie<\/li>\n<li>Gastro-ent\u00e9rologie-H\u00e9patologie-Transplantation<\/li>\n<li>Maladies infectieuses &#8211; M\u00e9decine tropicale &#8211; Vaccinations pr\u00e9-biologiques<\/li>\n<li>M\u00e9decine interne<\/li>\n<li>H\u00e9matologie<\/li>\n<\/ul>\n<h4>\n\t\tR\u00e9seau d&rsquo;orientation des atopiques du CUSM COE AD\n\t<\/h4>\n\t<p><strong>CUSM Glen<\/strong><\/p>\n<ul>\n<li>Chirurgie oto-rhino-laryngologique (Dr. Marc Tewfik)<\/li>\n<li>M\u00e9decine respiratoire (Dr. Ronald Olivenstein)<\/li>\n<\/ul>\n<p><strong>H\u00f4pital pour enfants du CUSM<\/strong><\/p>\n<ul>\n<li>Allergie et immunologie (Dr Christine McCusker, Dr Bruce Mazer, Dr Moshe Ben-Shoshan)<\/li>\n<li>Dermatologie p\u00e9diatrique (Dr Audrey Lovett, Dr Barbara Miedzybrodzki)<\/li>\n<\/ul>\n<p><strong>H\u00f4pital g\u00e9n\u00e9ral de Montr\u00e9al<\/strong><\/p>\n<ul>\n<li>Test \u00e9picutan\u00e9 (Dr. Denis Sasseville, Dr. Linda Moreau)<\/li>\n<\/ul>\n<h3>\n\t\t2. MultiD : un groupe multidisciplinaire sur l&rsquo;atopie\n\t<\/h3>\n\t<p><em>Le groupe \u00ab\u00a0MultiD\u00a0\u00bb se r\u00e9unit toutes les deux semaines pour discuter de cas difficiles avec des chercheurs cliniciens dans le domaine de l&rsquo;atopie. Si vous souhaitez en savoir plus ou rejoindre le groupe, veuillez contacter <a href=\"mailto:dermatogenix@gmail.com\">dermatogenix@gmail.com.<\/a><\/em><\/p>\n<ul>\n<li>Dr. Marc Tewfik (ORL)<\/li>\n<li>Dr Ronald Olivenstein (respiratoire)<\/li>\n<li>Dr Michael Fein (Allergie et immunologie)<\/li>\n<li>Dr Jean Desch\u00eanes (Ophtalmologie)<\/li>\n<li>Dr Reza Alizadehfar (Allergie et immunologie)<\/li>\n<li>Dr Hugo Chapdelaine (Immunologie, U Montr\u00e9al Immunod\u00e9ficiences)<\/li>\n<li>Docteur Lysanne Despatis (Urologie)<\/li>\n<li>Dr Maxime Cormier (Respiratoire)<\/li>\n<li>Dr Vanessa Polito (Allergie et immunologie)<\/li>\n<li>Dr. Benjamin Armstrong (Psychologie)<\/li>\n<\/ul>\n<h3>\n\t\t3. <i>R\u00e9seau de collaboration sur<\/i> les infrastructures et les bases de donn\u00e9es\n\t<\/h3>\n\t<ul>\n<li>Dr Bruce Mazer (Allergie et immunologie)<\/li>\n<li>Dr Christine McCusker (Allergie et immunologie)<\/li>\n<li>Dr Sasha Bernatsky, Dr In\u00e9s Colmegna (Rhum)<\/li>\n<li>Dr. John Kildea (Physique m\u00e9dicale)<\/li>\n<li>Dr. Ciriaco Piccirillo, Dr. Joyce Rauch (Immunologistes fondamentaux)<\/li>\n<\/ul>\n<h3>\n\t\t4. Groupe de la clinique de transition\n\t<\/h3>\n\t<p><em>Ce groupe consultatif a \u00e9t\u00e9 fond\u00e9 en 2021 afin d&rsquo;explorer l&rsquo;opinion des experts sur le d\u00e9veloppement d&rsquo;un r\u00e9seau de qualit\u00e9 des soins d\u00e9di\u00e9 \u00e0 la transition des patients adolescents vers les soins aux adultes.  <\/em><\/p>\n<ul>\n<li>Dr Afshin Hatami (Dermatologie (Dermatite atopique), Universit\u00e9 de Montr\u00e9al, CHU Sainte-Justine)<\/li>\n<li>Dr Moshe Ben-Shoshan (Allergie et immunologie, aliments de type I et \u00e9ducation th\u00e9rapeutique)<\/li>\n<li>Docteur Audrey Lovett (Dermatologie p\u00e9diatrique)<\/li>\n<li>Dr Christine McCusker (Chef, Allergie et immunologie ; Dermatologie, H\u00f4pital de Montr\u00e9al pour enfants)<\/li>\n<li>Dr Giosi Di Meglio (sp\u00e9cialiste des adolescents, H\u00f4pital de Montr\u00e9al pour enfants)<\/li>\n<\/ul>\n\n","protected":false},"excerpt":{"rendered":"<p>R\u00e9seaux 1. D2 Structure polyclinique multidisciplinaire du CUSM COE AD Allergie et immunologie Dermatologie Gastro-ent\u00e9rologie-H\u00e9patologie-Transplantation Maladies infectieuses &#8211; M\u00e9decine tropicale &#8211; Vaccinations pr\u00e9-biologiques M\u00e9decine interne H\u00e9matologie R\u00e9seau d&rsquo;orientation des atopiques du CUSM COE AD CUSM Glen Chirurgie oto-rhino-laryngologique (Dr. Marc Tewfik) M\u00e9decine respiratoire (Dr. Ronald Olivenstein) H\u00f4pital pour enfants du CUSM Allergie et immunologie (Dr [&hellip;]<\/p>\n","protected":false},"author":3,"featured_media":0,"parent":921,"menu_order":0,"comment_status":"closed","ping_status":"closed","template":"","meta":{"site-sidebar-layout":"no-sidebar","site-content-layout":"page-builder","ast-site-content-layout":"full-width-container","site-content-style":"unboxed","site-sidebar-style":"default","ast-global-header-display":"","ast-banner-title-visibility":"","ast-main-header-display":"","ast-hfb-above-header-display":"","ast-hfb-below-header-display":"","ast-hfb-mobile-header-display":"","site-post-title":"disabled","ast-breadcrumbs-content":"","ast-featured-img":"disabled","footer-sml-layout":"","ast-disable-related-posts":"","theme-transparent-header-meta":"enabled","adv-header-id-meta":"","stick-header-meta":"default","header-above-stick-meta":"","header-main-stick-meta":"","header-below-stick-meta":"","astra-migrate-meta-layouts":"default","ast-page-background-enabled":"default","ast-page-background-meta":{"desktop":{"background-color":"","background-image":"","background-repeat":"repeat","background-position":"center center","background-size":"auto","background-attachment":"scroll","background-type":"","background-media":"","overlay-type":"","overlay-color":"","overlay-opacity":"","overlay-gradient":""},"tablet":{"background-color":"","background-image":"","background-repeat":"repeat","background-position":"center center","background-size":"auto","background-attachment":"scroll","background-type":"","background-media":"","overlay-type":"","overlay-color":"","overlay-opacity":"","overlay-gradient":""},"mobile":{"background-color":"","background-image":"","background-repeat":"repeat","background-position":"center center","background-size":"auto","background-attachment":"scroll","background-type":"","background-media":"","overlay-type":"","overlay-color":"","overlay-opacity":"","overlay-gradient":""}},"ast-content-background-meta":{"desktop":{"background-color":"var(--ast-global-color-5)","background-image":"","background-repeat":"repeat","background-position":"center center","background-size":"auto","background-attachment":"scroll","background-type":"","background-media":"","overlay-type":"","overlay-color":"","overlay-opacity":"","overlay-gradient":""},"tablet":{"background-color":"var(--ast-global-color-5)","background-image":"","background-repeat":"repeat","background-position":"center center","background-size":"auto","background-attachment":"scroll","background-type":"","background-media":"","overlay-type":"","overlay-color":"","overlay-opacity":"","overlay-gradient":""},"mobile":{"background-color":"var(--ast-global-color-5)","background-image":"","background-repeat":"repeat","background-position":"center center","background-size":"auto","background-attachment":"scroll","background-type":"","background-media":"","overlay-type":"","overlay-color":"","overlay-opacity":"","overlay-gradient":""}},"footnotes":""},"class_list":["post-934","page","type-page","status-publish","hentry"],"yoast_head":"<!-- This site is optimized with the Yoast SEO plugin v27.4 - https:\/\/yoast.com\/product\/yoast-seo-wordpress\/ -->\n<title>R\u00e9seaux | MUHC Centre of Excellence for Atopic Dermatitis<\/title>\n<meta name=\"robots\" content=\"index, follow, max-snippet:-1, max-image-preview:large, max-video-preview:-1\" \/>\n<link rel=\"canonical\" href=\"https:\/\/www.muhccoead.com\/fr\/a-propos\/reseaux\/\" \/>\n<meta property=\"og:locale\" content=\"fr_FR\" \/>\n<meta property=\"og:type\" content=\"article\" \/>\n<meta property=\"og:title\" content=\"R\u00e9seaux | MUHC Centre of Excellence for Atopic Dermatitis\" \/>\n<meta property=\"og:description\" content=\"R\u00e9seaux 1. D2 Structure polyclinique multidisciplinaire du CUSM COE AD Allergie et immunologie Dermatologie Gastro-ent\u00e9rologie-H\u00e9patologie-Transplantation Maladies infectieuses &#8211; M\u00e9decine tropicale &#8211; Vaccinations pr\u00e9-biologiques M\u00e9decine interne H\u00e9matologie R\u00e9seau d&rsquo;orientation des atopiques du CUSM COE AD CUSM Glen Chirurgie oto-rhino-laryngologique (Dr. Marc Tewfik) M\u00e9decine respiratoire (Dr. Ronald Olivenstein) H\u00f4pital pour enfants du CUSM Allergie et immunologie (Dr [&hellip;]\" \/>\n<meta property=\"og:url\" content=\"https:\/\/www.muhccoead.com\/fr\/a-propos\/reseaux\/\" \/>\n<meta property=\"og:site_name\" content=\"MUHC Centre of Excellence for Atopic Dermatitis\" \/>\n<meta property=\"article:modified_time\" content=\"2022-12-21T17:47:52+00:00\" \/>\n<meta name=\"twitter:card\" content=\"summary_large_image\" \/>\n<meta name=\"twitter:label1\" content=\"Dur\u00e9e de lecture estim\u00e9e\" \/>\n\t<meta name=\"twitter:data1\" content=\"2 minutes\" \/>\n<script type=\"application\/ld+json\" class=\"yoast-schema-graph\">{\"@context\":\"https:\\\/\\\/schema.org\",\"@graph\":[{\"@type\":\"WebPage\",\"@id\":\"https:\\\/\\\/www.muhccoead.com\\\/fr\\\/a-propos\\\/reseaux\\\/\",\"url\":\"https:\\\/\\\/www.muhccoead.com\\\/fr\\\/a-propos\\\/reseaux\\\/\",\"name\":\"R\u00e9seaux | MUHC Centre of Excellence for Atopic Dermatitis\",\"isPartOf\":{\"@id\":\"https:\\\/\\\/www.muhccoead.com\\\/fr\\\/#website\"},\"datePublished\":\"2022-08-09T13:48:54+00:00\",\"dateModified\":\"2022-12-21T17:47:52+00:00\",\"breadcrumb\":{\"@id\":\"https:\\\/\\\/www.muhccoead.com\\\/fr\\\/a-propos\\\/reseaux\\\/#breadcrumb\"},\"inLanguage\":\"fr-FR\",\"potentialAction\":[{\"@type\":\"ReadAction\",\"target\":[\"https:\\\/\\\/www.muhccoead.com\\\/fr\\\/a-propos\\\/reseaux\\\/\"]}]},{\"@type\":\"BreadcrumbList\",\"@id\":\"https:\\\/\\\/www.muhccoead.com\\\/fr\\\/a-propos\\\/reseaux\\\/#breadcrumb\",\"itemListElement\":[{\"@type\":\"ListItem\",\"position\":1,\"name\":\"Home\",\"item\":\"https:\\\/\\\/www.muhccoead.com\\\/fr\\\/home\\\/\"},{\"@type\":\"ListItem\",\"position\":2,\"name\":\"\u00c0 propos\",\"item\":\"https:\\\/\\\/www.muhccoead.com\\\/fr\\\/a-propos\\\/\"},{\"@type\":\"ListItem\",\"position\":3,\"name\":\"R\u00e9seaux\"}]},{\"@type\":\"WebSite\",\"@id\":\"https:\\\/\\\/www.muhccoead.com\\\/fr\\\/#website\",\"url\":\"https:\\\/\\\/www.muhccoead.com\\\/fr\\\/\",\"name\":\"MUHC Centre of Excellence for Atopic Dermatitis\",\"description\":\"Dermatogenix\",\"publisher\":{\"@id\":\"https:\\\/\\\/www.muhccoead.com\\\/fr\\\/#organization\"},\"potentialAction\":[{\"@type\":\"SearchAction\",\"target\":{\"@type\":\"EntryPoint\",\"urlTemplate\":\"https:\\\/\\\/www.muhccoead.com\\\/fr\\\/?s={search_term_string}\"},\"query-input\":{\"@type\":\"PropertyValueSpecification\",\"valueRequired\":true,\"valueName\":\"search_term_string\"}}],\"inLanguage\":\"fr-FR\"},{\"@type\":\"Organization\",\"@id\":\"https:\\\/\\\/www.muhccoead.com\\\/fr\\\/#organization\",\"name\":\"MUHC Centre of Excellence for Atopic Dermatitis\",\"url\":\"https:\\\/\\\/www.muhccoead.com\\\/fr\\\/\",\"logo\":{\"@type\":\"ImageObject\",\"inLanguage\":\"fr-FR\",\"@id\":\"https:\\\/\\\/www.muhccoead.com\\\/fr\\\/#\\\/schema\\\/logo\\\/image\\\/\",\"url\":\"https:\\\/\\\/www.muhccoead.com\\\/wp-content\\\/uploads\\\/2022\\\/09\\\/MUHC-COE-AD-Logo.png\",\"contentUrl\":\"https:\\\/\\\/www.muhccoead.com\\\/wp-content\\\/uploads\\\/2022\\\/09\\\/MUHC-COE-AD-Logo.png\",\"width\":249,\"height\":229,\"caption\":\"MUHC Centre of Excellence for Atopic Dermatitis\"},\"image\":{\"@id\":\"https:\\\/\\\/www.muhccoead.com\\\/fr\\\/#\\\/schema\\\/logo\\\/image\\\/\"}}]}<\/script>\n<!-- \/ Yoast SEO plugin. -->","yoast_head_json":{"title":"R\u00e9seaux | MUHC Centre of Excellence for Atopic Dermatitis","robots":{"index":"index","follow":"follow","max-snippet":"max-snippet:-1","max-image-preview":"max-image-preview:large","max-video-preview":"max-video-preview:-1"},"canonical":"https:\/\/www.muhccoead.com\/fr\/a-propos\/reseaux\/","og_locale":"fr_FR","og_type":"article","og_title":"R\u00e9seaux | MUHC Centre of Excellence for Atopic Dermatitis","og_description":"R\u00e9seaux 1. D2 Structure polyclinique multidisciplinaire du CUSM COE AD Allergie et immunologie Dermatologie Gastro-ent\u00e9rologie-H\u00e9patologie-Transplantation Maladies infectieuses &#8211; M\u00e9decine tropicale &#8211; Vaccinations pr\u00e9-biologiques M\u00e9decine interne H\u00e9matologie R\u00e9seau d&rsquo;orientation des atopiques du CUSM COE AD CUSM Glen Chirurgie oto-rhino-laryngologique (Dr. Marc Tewfik) M\u00e9decine respiratoire (Dr. Ronald Olivenstein) H\u00f4pital pour enfants du CUSM Allergie et immunologie (Dr [&hellip;]","og_url":"https:\/\/www.muhccoead.com\/fr\/a-propos\/reseaux\/","og_site_name":"MUHC Centre of Excellence for Atopic Dermatitis","article_modified_time":"2022-12-21T17:47:52+00:00","twitter_card":"summary_large_image","twitter_misc":{"Dur\u00e9e de lecture estim\u00e9e":"2 minutes"},"schema":{"@context":"https:\/\/schema.org","@graph":[{"@type":"WebPage","@id":"https:\/\/www.muhccoead.com\/fr\/a-propos\/reseaux\/","url":"https:\/\/www.muhccoead.com\/fr\/a-propos\/reseaux\/","name":"R\u00e9seaux | MUHC Centre of Excellence for Atopic Dermatitis","isPartOf":{"@id":"https:\/\/www.muhccoead.com\/fr\/#website"},"datePublished":"2022-08-09T13:48:54+00:00","dateModified":"2022-12-21T17:47:52+00:00","breadcrumb":{"@id":"https:\/\/www.muhccoead.com\/fr\/a-propos\/reseaux\/#breadcrumb"},"inLanguage":"fr-FR","potentialAction":[{"@type":"ReadAction","target":["https:\/\/www.muhccoead.com\/fr\/a-propos\/reseaux\/"]}]},{"@type":"BreadcrumbList","@id":"https:\/\/www.muhccoead.com\/fr\/a-propos\/reseaux\/#breadcrumb","itemListElement":[{"@type":"ListItem","position":1,"name":"Home","item":"https:\/\/www.muhccoead.com\/fr\/home\/"},{"@type":"ListItem","position":2,"name":"\u00c0 propos","item":"https:\/\/www.muhccoead.com\/fr\/a-propos\/"},{"@type":"ListItem","position":3,"name":"R\u00e9seaux"}]},{"@type":"WebSite","@id":"https:\/\/www.muhccoead.com\/fr\/#website","url":"https:\/\/www.muhccoead.com\/fr\/","name":"MUHC Centre of Excellence for Atopic Dermatitis","description":"Dermatogenix","publisher":{"@id":"https:\/\/www.muhccoead.com\/fr\/#organization"},"potentialAction":[{"@type":"SearchAction","target":{"@type":"EntryPoint","urlTemplate":"https:\/\/www.muhccoead.com\/fr\/?s={search_term_string}"},"query-input":{"@type":"PropertyValueSpecification","valueRequired":true,"valueName":"search_term_string"}}],"inLanguage":"fr-FR"},{"@type":"Organization","@id":"https:\/\/www.muhccoead.com\/fr\/#organization","name":"MUHC Centre of Excellence for Atopic Dermatitis","url":"https:\/\/www.muhccoead.com\/fr\/","logo":{"@type":"ImageObject","inLanguage":"fr-FR","@id":"https:\/\/www.muhccoead.com\/fr\/#\/schema\/logo\/image\/","url":"https:\/\/www.muhccoead.com\/wp-content\/uploads\/2022\/09\/MUHC-COE-AD-Logo.png","contentUrl":"https:\/\/www.muhccoead.com\/wp-content\/uploads\/2022\/09\/MUHC-COE-AD-Logo.png","width":249,"height":229,"caption":"MUHC Centre of Excellence for Atopic Dermatitis"},"image":{"@id":"https:\/\/www.muhccoead.com\/fr\/#\/schema\/logo\/image\/"}}]}},"featured_image_src":null,"featured_image_src_square":null,"_links":{"self":[{"href":"https:\/\/www.muhccoead.com\/fr\/wp-json\/wp\/v2\/pages\/934","targetHints":{"allow":["GET"]}}],"collection":[{"href":"https:\/\/www.muhccoead.com\/fr\/wp-json\/wp\/v2\/pages"}],"about":[{"href":"https:\/\/www.muhccoead.com\/fr\/wp-json\/wp\/v2\/types\/page"}],"author":[{"embeddable":true,"href":"https:\/\/www.muhccoead.com\/fr\/wp-json\/wp\/v2\/users\/3"}],"replies":[{"embeddable":true,"href":"https:\/\/www.muhccoead.com\/fr\/wp-json\/wp\/v2\/comments?post=934"}],"version-history":[{"count":0,"href":"https:\/\/www.muhccoead.com\/fr\/wp-json\/wp\/v2\/pages\/934\/revisions"}],"up":[{"embeddable":true,"href":"https:\/\/www.muhccoead.com\/fr\/wp-json\/wp\/v2\/pages\/921"}],"wp:attachment":[{"href":"https:\/\/www.muhccoead.com\/fr\/wp-json\/wp\/v2\/media?parent=934"}],"curies":[{"name":"wp","href":"https:\/\/api.w.org\/{rel}","templated":true}]}}